{"id":231,"date":"2013-06-09T17:52:42","date_gmt":"2013-06-09T17:52:42","guid":{"rendered":"http:\/\/www.musikschule-muehldorf.de\/?page_id=231"},"modified":"2021-09-12T00:49:43","modified_gmt":"2021-09-12T00:49:43","slug":"unsere-schule","status":"publish","type":"page","link":"https:\/\/musikschule-muehldorf.de\/?page_id=231","title":{"rendered":"Unsere Schule"},"content":{"rendered":"<p><strong>Das Hans-Pr\u00e4hofer-Haus<\/strong><\/p>\nngg_shortcode_0_placeholder\n<p>Direkt hinter der historischen M\u00fchldorfer Altstadt mit ihren wundersch\u00f6nen Arkadeng\u00e4ngen, liegt\u00a0\u00a0in der Luitpoldallee 23 das <strong>Hans-Pr\u00e4hofer-Haus<\/strong>, ein repr\u00e4sentatives Geb\u00e4ude aus dem Jahr 1927, in dem die St\u00e4dtische Musikschule M\u00fchldorf a. Inn seit 2011 ihre neue Heimat gefunden hat. Der M\u00fchldorfer Stadtrat hat das Geb\u00e4ude nach dem Maler und Schriftsteller Hans Pr\u00e4hofer benannt.<\/p>\n<p>Die Unterrichts- und Probenr\u00e4ume bieten ideale Rahmenbedingungen f\u00fcr unsere hochqualifizierten und breit gef\u00e4cherten Unterrichtsangebote.<\/p>\n<h2>Die Schulleitung<\/h2>\n<p>Die St\u00e4dtische Musikschule M\u00fchldorf a. Inn wird von Thomas Breitsameter (1. Schulleiter) und Janusz Myschur (2. Schulleiter) geleitet. Unterst\u00fctzt werden sie von der Musikschulsekret\u00e4rin Johanna Morgenstern.<\/p>\n<h2>Unsere Zweigstelle<\/h2>\n<p>Musikschule Neumarkt-Sankt Veit\u00a0im Kulturbahnhof<\/p>\nngg_shortcode_1_placeholder\n<p>Unsere Zweigstelle in Neumarkt-Sankt Veit ist im Kulturbahnhof in der Bahnhofstr. 26 \u00a0untergebracht, dort\u00a0hat die Stadt Neumarkt-Sankt Veit\u00a0mit diversen \u00dcber\u00e4umen im 1. Stock und einem Konzertsaal im Erdgeschoss ideale Rahmenbedingungen f\u00fcr\u00a0das Instrumental- und Ballettangebot ihres musikalischen Nachwuchses geschaffen.<\/p>\n<p>Geleitet und betreut wird die Musikschule Neumarkt-Sankt Veit\u00a0von <strong>Johannes Schmidt<\/strong>.<\/p>\n<p>Er unterrichtet dort die F\u00e4cher Blockfl\u00f6te, Saxophon, musikalische Fr\u00fcherziehung und Kinderchor.<\/p>\n<p>Au\u00dferdem unterrichten dort auch die Lehrkr\u00e4fte Janusz Myschur (Akkordeon, Klarinette), Ursula Mayer (Ballett), Reimund Fandrey (Gitarre), Rosalyn Sabo (Zither, Klavier), Uwe Markert (Gitarre) und Jeremias Fedorak (Klavier, Schlagzeug).<\/p>\n","protected":false},"excerpt":{"rendered":"<p>Das Hans-Pr\u00e4hofer-Haus Direkt hinter der historischen M\u00fchldorfer Altstadt mit ihren wundersch\u00f6nen Arkadeng\u00e4ngen, liegt\u00a0\u00a0in der Luitpoldallee 23 das Hans-Pr\u00e4hofer-Haus, ein repr\u00e4sentatives Geb\u00e4ude aus dem Jahr 1927, in dem die St\u00e4dtische Musikschule M\u00fchldorf a. Inn seit 2011 ihre neue Heimat gefunden hat. Der M\u00fchldorfer Stadtrat hat das Geb\u00e4ude nach dem Maler und Schriftsteller Hans Pr\u00e4hofer benannt. Die Unterrichts- und Probenr\u00e4ume bieten ideale Rahmenbedingungen f\u00fcr unsere hochqualifizierten und breit gef\u00e4cherten Unterrichtsangebote. Die Schulleitung Die St\u00e4dtische Musikschule M\u00fchldorf a. Inn wird von Thomas Breitsameter (1. Schulleiter) und Janusz Myschur (2. Schulleiter) geleitet. Unterst\u00fctzt werden sie von der Musikschulsekret\u00e4rin Johanna Morgenstern. Unsere Zweigstelle Musikschule Neumarkt-Sankt Veit\u00a0im Kulturbahnhof Unsere Zweigstelle in Neumarkt-Sankt Veit ist im Kulturbahnhof in der Bahnhofstr. 26 \u00a0untergebracht, dort\u00a0hat die Stadt Neumarkt-Sankt Veit\u00a0mit diversen \u00dcber\u00e4umen im 1. Stock und einem Konzertsaal im Erdgeschoss ideale Rahmenbedingungen f\u00fcr\u00a0das Instrumental- und Ballettangebot ihres musikalischen Nachwuchses geschaffen. Geleitet und betreut wird die Musikschule Neumarkt-Sankt Veit\u00a0von Johannes Schmidt. Er unterrichtet dort die F\u00e4cher Blockfl\u00f6te, Saxophon, musikalische Fr\u00fcherziehung und Kinderchor. Au\u00dferdem unterrichten dort auch die Lehrkr\u00e4fte Janusz Myschur (Akkordeon, Klarinette), Ursula Mayer (Ballett), Reimund Fandrey (Gitarre), Rosalyn Sabo (Zither, Klavier), Uwe Markert (Gitarre) und Jeremias Fedorak (Klavier, Schlagzeug).<\/p>\n","protected":false},"author":11,"featured_media":1355,"parent":0,"menu_order":0,"comment_status":"closed","ping_status":"closed","template":"","meta":{"ngg_post_thumbnail":0,"_price":"","_stock":"","_tribe_ticket_header":"","_tribe_default_ticket_provider":"","_ticket_start_date":"","_ticket_end_date":"","_tribe_ticket_show_description":"","_tribe_ticket_show_not_going":false,"_tribe_ticket_use_global_stock":"","_tribe_ticket_global_stock_level":"","_global_stock_mode":"","_global_stock_cap":"","_tribe_rsvp_for_event":"","_tribe_ticket_going_count":"","_tribe_ticket_not_going_count":"","_tribe_tickets_list":"[]","_tribe_ticket_has_attendee_info_fields":false,"footnotes":"","_tec_slr_enabled":"","_tec_slr_layout":""},"class_list":["post-231","page","type-page","status-publish","has-post-thumbnail","hentry"],"acf":[],"publishpress_future_action":{"enabled":false,"date":"2026-05-07 13:09:25","action":"change-status","newStatus":"draft","terms":[],"taxonomy":"","extraData":[]},"publishpress_future_workflow_manual_trigger":{"enabledWorkflows":[]},"ticketed":false,"_links":{"self":[{"href":"https:\/\/musikschule-muehldorf.de\/index.php?rest_route=\/wp\/v2\/pages\/231","targetHints":{"allow":["GET"]}}],"collection":[{"href":"https:\/\/musikschule-muehldorf.de\/index.php?rest_route=\/wp\/v2\/pages"}],"about":[{"href":"https:\/\/musikschule-muehldorf.de\/index.php?rest_route=\/wp\/v2\/types\/page"}],"author":[{"embeddable":true,"href":"https:\/\/musikschule-muehldorf.de\/index.php?rest_route=\/wp\/v2\/users\/11"}],"replies":[{"embeddable":true,"href":"https:\/\/musikschule-muehldorf.de\/index.php?rest_route=%2Fwp%2Fv2%2Fcomments&post=231"}],"version-history":[{"count":96,"href":"https:\/\/musikschule-muehldorf.de\/index.php?rest_route=\/wp\/v2\/pages\/231\/revisions"}],"predecessor-version":[{"id":1359,"href":"https:\/\/musikschule-muehldorf.de\/index.php?rest_route=\/wp\/v2\/pages\/231\/revisions\/1359"}],"wp:featuredmedia":[{"embeddable":true,"href":"https:\/\/musikschule-muehldorf.de\/index.php?rest_route=\/wp\/v2\/media\/1355"}],"wp:attachment":[{"href":"https:\/\/musikschule-muehldorf.de\/index.php?rest_route=%2Fwp%2Fv2%2Fmedia&parent=231"}],"curies":[{"name":"wp","href":"https:\/\/api.w.org\/{rel}","templated":true}]}}